{"id":1659,"date":"2022-12-16T12:16:14","date_gmt":"2022-12-16T11:16:14","guid":{"rendered":"https:\/\/www.stresnyboxds.sk\/?page_id=1659"},"modified":"2024-01-25T16:16:25","modified_gmt":"2024-01-25T15:16:25","slug":"altalanos-szerzodesi-feltetelek","status":"publish","type":"page","link":"https:\/\/www.stresnyboxds.sk\/hu\/altalanos-szerzodesi-feltetelek\/","title":{"rendered":"\u00c1ltal\u00e1nos szerz\u0151d\u00e9si felt\u00e9telek"},"content":{"rendered":"<p>[vc_row][vc_column][vc_column_text]<\/p>\n<h4>Mit k\u00edn\u00e1lunk?<\/h4>\n<ul>\n<li>Min\u0151s\u00e9gi kieg\u00e9sz\u00edt\u0151k b\u00e9rl\u00e9se poggy\u00e1szsz\u00e1ll\u00edt\u00e1shoz \u00e9s sportfelszerel\u00e9sekhez (s\u00edl\u00e9cek, snowboardok stb.) Thule vagy Yakima<\/li>\n<li>Tet\u0151csomagtart\u00f3k k\u00f6lcs\u00f6nz\u00e9se kiv\u00e1lasztott j\u00e1rm\u0171modellekhez &#8211; minden t\u00edpus\u00fa aut\u00f3hoz, amelyeken van tet\u0151s\u00edn.<\/li>\n<\/ul>\n<h4>K\u00f6lcs\u00f6nz\u00e9s szab\u00e1lyai<\/h4>\n<ul>\n<li>A kieg\u00e9sz\u00edt\u0151k b\u00e9rl\u00e9s\u00e9nek alapperi\u00f3dusa <strong>3 nap (vagy megegyez\u00e9s szerint), h\u00e9tv\u00e9g\u00e9re <\/strong> vagy <strong>egy eg\u00e9sz h\u00e9tre vagy m\u00e9g tov\u00e1bb<\/strong><\/li>\n<li>Hosszabb t\u00e1vra b\u00e9relve kedvezm\u00e9nyes a napi b\u00e9rleti d\u00edj, valamint t\u00f6bb tet\u0151box \/ csomagtart\u00f3 b\u00e9rl\u00e9se eset\u00e9n is &#8211; k\u00e9rjen egyedi aj\u00e1nlatot<\/li>\n<\/ul>\n<h4>K\u00f6lcs\u00f6nz\u00e9si id\u0151szak<\/h4>\n<ul>\n<li>A minim\u00e1lis b\u00e9rleti id\u0151 3 nap<\/li>\n<li><strong>1 k\u00f6lcs\u00f6nz\u00e9si nap <\/strong> 15:00 \u00f3r\u00e1t\u00f3l (k\u00e9rj\u00fck a tet\u0151box\u00e9rt 15:00 \u00e9s 16:30 k\u00f6z\u00f6tt \u00e9rkezzen)<\/li>\n<li><strong>A k\u00f6lcs\u00f6nz\u00e9s utols\u00f3 napja <\/strong> 10:00 \u00f3r\u00e1ig tart (k\u00e9rj\u00fck, hogy a dobozt 8:00 \u00e9s 10:00 k\u00f6z\u00f6tt hozza vissza)<\/li>\n<li>A dobozok egyedi k\u00f6lcs\u00f6nz\u00e9se el\u0151zetes egyeztet\u00e9s ut\u00e1n lehets\u00e9ges, &#8211; kor\u00e1bbi \u00e1tv\u00e9tel vagy k\u00e9s\u0151bbi visszak\u00fcld\u00e9s eset\u00e9ben<\/li>\n<li><strong>H\u00e9tv\u00e9gi <\/strong>\u2013 k\u00f6lcs\u00f6nz\u00e9s &#8211; p\u00e9ntek 15:00 \u00e9s h\u00e9tf\u0151 10:00 k\u00f6z\u00f6tt<\/li>\n<li><strong>Abban az esetben, ha az \u00e1tv\u00e9teli vagy visszaad\u00e1si id\u0151 nem megfelel\u0151 \u00d6nnek, mindenk\u00e9ppen t\u00e1j\u00e9koztasson minket, meg\u00e1llapod\u00e1s lehets\u00e9ges<\/strong><\/li>\n<\/ul>\n<h4>Foglal\u00e1s<\/h4>\n<ul>\n<li>K\u00f6nnyen foglalhat \u2013 k\u00f6zvetlen\u00fcl a weboldalunkon tal\u00e1lhat\u00f3 \u0171rlap kit\u00f6lt\u00e9s\u00e9vel<\/li>\n<li>Foglal\u00e1skor k\u00e9rj\u00fck, t\u00fcntesse fel, hogy melyik tet\u0151box \u00e9rdekli, mennyi ideig \u00e9s milyen id\u0151pontban, a megjegyz\u00e9sekben k\u00e9rj\u00fck felt\u00fcntetni a g\u00e9pj\u00e1rm\u0171 t\u00edpus\u00e1t is (gy\u00e1rt\u00e1si \u00e9v \u00e9s mi van a tet\u0151n) a hordoz\u00f3 kompatibilit\u00e1sa c\u00e9lj\u00e1b\u00f3l (f\u0151leg a keresztrudakkal) &#8211; sok hordoz\u00f3 univerz\u00e1lis<\/li>\n<li>Miut\u00e1n ellen\u0151rizt\u00fck a k\u00edv\u00e1nt tet\u0151box\/csdomagtart\u00f3 el\u00e9rhet\u0151s\u00e9g\u00e9t a k\u00edv\u00e1nt id\u0151pontban, meger\u0151s\u00edtj\u00fck a foglal\u00e1st \u00e9s egyeztetj\u00fck \u00d6nnel az \u00e1tv\u00e9tel id\u0151pontj\u00e1t<\/li>\n<li><strong>K\u00f6lcs\u00f6nfelv\u00e9telkor k\u00e9szp\u00e9nzes let\u00e9t sz\u00fcks\u00e9ges! <u>A let\u00e9tet a s\u00e9rtetlen k\u00e9sz\u00fcl\u00e9k visszak\u00fcld\u00e9sekor visszaadjuk. A let\u00e9t \u00f6sszege 100 \u20ac.<\/u><\/strong><\/li>\n<li>Csak 18 \u00e9ven fel\u00fclieknek, szem\u00e9lyi igazolv\u00e1ny felmutat\u00e1s\u00e1val k\u00f6lcs\u00f6nz\u00fcnk<\/li>\n<\/ul>\n<h4>Tartoz\u00e9kok \u00e1tv\u00e9tele &#8211; visszak\u00fcld\u00e9se<\/h4>\n<ul>\n<li>Az \u00e1tv\u00e9tel \u00e9s visszak\u00fcld\u00e9s a PneuNet s.r.o. \u00fczlet\u00e9ben t\u00f6rt\u00e9nik, Mlie\u010dany 63, 929 01 Dunajsk\u00e1 Streda c\u00edmen.<\/li>\n<li>El\u0151zetes egyeztet\u00e9s ut\u00e1n \u00e9s a tet\u00f3box rendelkez\u00e9sre \u00e1ll\u00e1sa eset\u00e9n h\u00e9tv\u00e9ge d\u00e9lel\u0151tt is lehets\u00e9ges az \u00e1tv\u00e9tel &#8211; a pontos id\u0151pontot sz\u00fcks\u00e9ges el\u0151re egyeztetni \u00fczenetben, e-mailben vagy telefonon<\/li>\n<li>A k\u00f6lcs\u00f6nz\u00f6tt tartoz\u00e9kokat\/hordoz\u00f3t a k\u00f6lcs\u00f6nz\u00e9s napj\u00e1n vagy azt megel\u0151z\u0151 napon 15:00 \u00f3ra ut\u00e1n lehet \u00e1tvenni.<\/li>\n<li>A k\u00f6lcs\u00f6nz\u00f6tt tartoz\u00e9kokat\/hordoz\u00f3t legk\u00e9s\u0151bb a k\u00f6lcs\u00f6nz\u00e9s utols\u00f3 napj\u00e1n 10:00 \u00f3r\u00e1ig vissza kell k\u00fcldeni. Az ezen id\u0151 ut\u00e1ni visszak\u00fcld\u00e9s \u00fajabb k\u00f6lcs\u00f6nz\u00e9si napnak sz\u00e1m\u00edt, hacsak m\u00e1sk\u00e9nt nem \u00e1llapodunk meg.<\/li>\n<li>A tartoz\u00e9kot\/sz\u00e1ll\u00edt\u00f3t nem k\u00fcldj\u00fck fut\u00e1rral, \u00e9s a v\u00e1s\u00e1rl\u00f3nak <strong>vissza kell k\u00fcldenie az \u00fczletbe<\/strong><\/li>\n<li>Ha \u00fagy d\u00f6nt, hogy a tartoz\u00e9kot\/hordoz\u00f3t az \u00e1tv\u00e9telkor megbesz\u00e9ltn\u00e9l hosszabb ideig megtartja, egy nappal kor\u00e1bban jelezze fel\u00e9nk, ellenkez\u0151 esetben a be nem jelentett nap\u00e9rt emelt d\u00edjat sz\u00e1m\u00edtunk fel a norm\u00e1l napi b\u00e9rleti d\u00edj n\u00e9gyszeres\u00e9nek m\u00e9rt\u00e9k\u00e9ben.<\/li>\n<li>Abban az esetben, ha a tet\u0151box nincs lefoglalva m\u00e1s \u00fcgyf\u00e9l \u00e1ltal, a b\u00e9rleti id\u0151szak meghosszabb\u00edthat\u00f3 a norm\u00e1l napi \u00e1ron. <strong>Ha a k\u00e9sz\u00fcl\u00e9k megs\u00e9r\u00fcl vagy meghib\u00e1sodik, azt halad\u00e9ktalanul, legk\u00e9s\u0151bb visszak\u00fcld\u00e9skor jelenteni kell. Ha a hordoz\u00f3 vagy a doboz s\u00falyosan megs\u00e9r\u00fclt, k\u00e9rj\u00fck halad\u00e9ktalanul jelezze fel\u00e9nk, hogy tov\u00e1bbi b\u00e9rl\u00e9s eset\u00e9n legyen id\u0151nk m\u00e1sik tet\u0151boxot bebiztos\u00edtani. K\u00f6sz\u00f6nj\u00fck.<\/strong><\/li>\n<li>Visszak\u00fcld\u00e9skor a hordoz\u00f3t\/eszk\u00f6zt ellen\u0151rizz\u00fck, \u00e9s a let\u00e9tet visszaadjuk.<\/li>\n<\/ul>\n<h4>Figyelem<\/h4>\n<ul>\n<li>Elveszt\u00e9s vagy megrong\u00e1l\u00f3d\u00e1s eset\u00e9n megfelel\u0151 \u00f6sszeg\u0171 k\u00e1rt\u00e9r\u00edt\u00e9st kell fizetni, amelyet k\u00f6zvetlen\u00fcl visszak\u00fcld\u00e9skor, vagy szakszervizben t\u00f6rt\u00e9n\u0151 \u00e1tvizsg\u00e1l\u00e1s ut\u00e1n \u00e1llap\u00edtunk meg. Ezt az \u00f6sszeget levonjuk a befizetett let\u00e9ti \u00f6sszegb\u0151l.<\/li>\n<li>PneuNet s.r.o. <strong>nem v\u00e1llal <\/strong> felel\u0151ss\u00e9get azok\u00e9rt a k\u00e1rok\u00e9rt, amelyek a v\u00e1s\u00e1rl\u00f3t a tartoz\u00e9kok haszn\u00e1lat\u00e1val kapcsolatban \u00e9rik<\/li>\n<li>A k\u00f6lcs\u00f6nadott k\u00e9sz\u00fcl\u00e9ket csak 18 \u00e9ven fel\u00fcli szem\u00e9lyeknek adjuk k\u00f6lcs\u00f6n. Minden szem\u00e9lyt kioktatunk a helyes hasz\u00e1latr\u00f3l, \u00e9s teljes a b\u00e9rl\u0151k felel\u0151ss\u00e9get v\u00e1llalnak a k\u00e9sz\u00fcl\u00e9k\/hordoz\u00f3 helyes \u00e9s biztons\u00e1gos haszn\u00e1lat\u00e1\u00e9rt.<\/li>\n<\/ul>\n<p>[\/vc_column_text][\/vc_column][\/vc_row][vc_row][vc_column][vc_separator css=&#8221;.vc_custom_1706194461243{margin-bottom: 60px !important;}&#8221;][vc_custom_heading text=&#8221;Adatv\u00e9delmi t\u00e1j\u00e9koztat\u00f3&#8221; use_theme_fonts=&#8221;yes&#8221;][vc_column_text]<\/p>\n<h4><u>1. Prev\u00e1dzkovate\u013e webov\u00e9ho s\u00eddla: <\/u><u>www.stresnyboxds.sk<\/u><\/h4>\n<p><strong>N\u00e1zov spolo\u010dnosti: PneuNet s.r.o.<br \/>\n<\/strong><strong>S\u00eddlo: P\u00f3dafa 302, 929 01 Povoda, SR<\/strong><\/p>\n<p><strong>I\u010cO: 50722182<\/strong><br \/>\n<strong>DI\u010c: 2120439574<\/strong><br \/>\n<strong>I\u010c DPH: SK2120439574<\/strong><\/p>\n<p>Va\u0161e \u00fadaje sprac\u00favame pre vlastn\u00e9 \u00fa\u010dely ako <u>Prev\u00e1dzkovate\u013e<\/u>. To znamen\u00e1, \u017ee my stanovujeme \u00fa\u010dely, pre ktor\u00e9 Va\u0161e osobn\u00e9 \u00fadaje zhroma\u017e\u010fujeme, ur\u010dujeme prostriedky sprac\u00favania a zodpoved\u00e1me za ich riadne vykonanie.<\/p>\n<h4><u>2. Zoznam na\u0161ich sprostredkovate\u013eov, ktor\u00ed tak isto sprac\u00favaj\u00fa Va\u0161e osobn\u00e9 \u00fadaje<\/u><\/h4>\n<p>Pri vyu\u017eit\u00ed kontaktn\u00e9ho formul\u00e1ra Va\u0161e \u00fadaje sprac\u00fava aj \u010fal\u0161\u00ed subjekt, ktor\u00fd n\u00e1m pom\u00e1ha s prev\u00e1dzkovan\u00edm, \u00fapravou webov\u00e9ho s\u00eddla a poskytovan\u00edm webov\u00e9ho port\u00e1lu. Ni\u017e\u0161ie uveden\u00fd subjekt sa nach\u00e1dza v \u00falohe sprostredkovate\u013ea, s ktor\u00fdm m\u00e1me podp\u00edsan\u00fa zmluvu v zmysle \u010dl. 28 ods. 3 Nariadenia GDPR.<\/p>\n<table class=\"table\">\n<thead>\n<tr>\n<td><strong>N\u00e1zov slu\u017eby<\/strong><\/td>\n<td width=\"165\"><strong>Typ slu\u017eby<\/strong><\/td>\n<td width=\"340\"><strong>Sprostredkovate\u013e<\/strong><\/td>\n<\/tr>\n<\/thead>\n<tbody>\n<tr>\n<td><strong>WebSupport<\/strong><\/td>\n<td width=\"165\">dod\u00e1vate\u013e technol\u00f3gi\u00ed a cloudov\u00fdch slu\u017eieb<\/td>\n<td width=\"340\">WebSupport, s.r.o., Karad\u017ei\u010dova 12, 821 08 Bratislava, I\u010cO: 36421928<\/td>\n<\/tr>\n<tr>\n<td><strong>GLS Slovakia<\/strong><\/td>\n<td width=\"165\">prepravn\u00fd partner<\/td>\n<td width=\"340\">GLS General Logistics Systems Slovakia s.r.o., Lieskovsk\u00e1 cesta 13, 962 21 Lieskovec, I\u010cO: 36624942<\/td>\n<\/tr>\n<tr>\n<td><strong>SPS<\/strong><\/td>\n<td width=\"165\">prepravn\u00fd partner<\/td>\n<td width=\"340\">Slovak Parcel Service s.r.o., Seneck\u00e1 cesta 1, 900 28 Ivanka pri Dunaji, I\u010cO: 31329217<\/td>\n<\/tr>\n<tr>\n<td><strong>Slovensk\u00e1 Po\u0161ta<\/strong><\/td>\n<td width=\"165\">prepravn\u00fd partner<\/td>\n<td width=\"340\">Slovensk\u00e1 po\u0161ta, a.s., Partiz\u00e1nska cesta 9, 975 99 Bansk\u00e1 Bystrica, I\u010cO: 36631124<\/td>\n<\/tr>\n<tr>\n<td><strong>DPD Slovakia<\/strong><\/td>\n<td width=\"165\">prepravn\u00fd partner<\/td>\n<td width=\"340\">Direct Parcel Distribution SK s.r.o., Technick\u00e1 7, 821 04 Bratislava, I\u010cO: 35834498<\/td>\n<\/tr>\n<\/tbody>\n<\/table>\n<h4><u>3. \u00da\u010del sprac\u00favania osobn\u00fdch \u00fadajov<\/u><\/h4>\n<ul>\n<li>Odpovedanie na ot\u00e1zky\/podnety Vami podan\u00fdch prostredn\u00edctvom kontaktn\u00e9ho formul\u00e1ra<\/li>\n<li>Doru\u010denie tovaru a identifik\u00e1cia z\u00e1kazn\u00edka pred odovzdan\u00edm vopred zaplaten\u00e9ho tovaru.<\/li>\n<li>Potvrdenie objedn\u00e1vky, platby za tovar, dodania objednan\u00e9ho tovaru &#8211; telefonicky a prostredn\u00edctvom elektronickej po\u0161ty.<\/li>\n<li>Evidencia z\u00e1kazn\u00edckych objedn\u00e1vok pre rie\u0161enie pr\u00edpadn\u00fdch reklam\u00e1ci\u00ed.<\/li>\n<li>Zasielanie informa\u010dn\u00fdch elektronick\u00fdch spr\u00e1v, ak o t\u00fato slu\u017ebu prejav\u00ed z\u00e1kazn\u00edk z\u00e1ujem.<\/li>\n<li>\u017diadne otravn\u00e9 telefon\u00e1ty a emaily! Ak si ne\u017eel\u00e1te dost\u00e1va\u0165 emaily s na\u0161imi akciami, sta\u010d\u00ed ich zru\u0161i\u0165 kliknut\u00edm na odkaz nach\u00e1dzaj\u00faci sa na konci n\u00e1\u0161ho newslettera.<\/li>\n<\/ul>\n<h4><u>4. Zoznam sprac\u00favan\u00fdch osobn\u00fdch \u00fadajov<\/u><\/h4>\n<ul>\n<li>Faktura\u010dn\u00e9 \u00fadaje<br \/>\n&#8211; Meno a priezvisko<br \/>\n&#8211; Adresa trval\u00e9ho bydliska<\/li>\n<li>\u00dadaje pre doru\u010denie<br \/>\n&#8211; Meno a priezvisko pr\u00edjemcu<br \/>\n&#8211; Adresa doru\u010denia<br \/>\n&#8211; Telef\u00f3nne \u010d\u00edslo pr\u00edjemcu &#8211; vy\u017eaduj\u00fa ho kuri\u00e9rske spolo\u010dnosti<\/li>\n<li>Kontaktn\u00e9 \u00fadaje<br \/>\n&#8211; Telef\u00f3nne \u010d\u00edslo &#8211; pre potreby potvrdenia objedn\u00e1vky, prijatia platby, komunik\u00e1ciu so z\u00e1kazn\u00edkom.<br \/>\n&#8211; Adresa elektronickej po\u0161ty &#8211; pre potreby zaslania potvrdenia objedn\u00e1vky, n\u00fadzov\u00fd komunika\u010dn\u00fd prostriedok ak z\u00e1kazn\u00edk nie je dostupn\u00fd na uvedenom telef\u00f3nnom \u010d\u00edsle.<\/li>\n<li>\u00dadaje z\u00edskavan\u00e9 pri odovzd\u00e1van\u00ed zaplaten\u00e9ho tovaru<br \/>\n&#8211; \u010c\u00edslo ob\u010dianskeho preukazu &#8211; ochrana V\u00e1s aj n\u00e1s &#8211; aby V\u00e1\u0161 zaplaten\u00fd tovar neprevzala neopr\u00e1vnen\u00e1 osoba, \u010d\u00edslo OP je zaznamenan\u00e9 v dodacom liste (to neplat\u00ed pre z\u00e1sielky na dobierku).<\/li>\n<li>\u00dadaje o Va\u0161ich objedn\u00e1vkach &#8211; pre potreby ich vybavenia a rie\u0161enia pr\u00edpadn\u00fdch reklam\u00e1ci\u00ed.<\/li>\n<\/ul>\n<h4><u>5. Nutnos\u0165 sprac\u00favania osobn\u00fdch \u00fadajov<\/u><\/h4>\n<ul>\n<li>Prev\u00e1dzkovate\u013e z\u00edskava iba tie osobn\u00e9 \u00fadaje, ktor\u00e9 s\u00fa nevyhnutn\u00e9 na splnenie z\u00e1v\u00e4zkov, ktor\u00e9 od neho z\u00e1kazn\u00edk objednan\u00edm tovaru o\u010dak\u00e1va, v s\u00falade s \u010dl. 6 ods. 1 p\u00edsm. b) Nariadenia GDPR. Bez t\u00fdchto \u00fadajov nebude mo\u017en\u00e9 spracova\u0165 prijat\u00fa objedn\u00e1vku.<\/li>\n<li>V pr\u00edpade vyu\u017eitia kontaktn\u00e9ho formul\u00e1ra prev\u00e1dzkovate\u013e sprac\u00fava \u00fadaje v s\u00falade s \u010dl. 6 ods. 1 p\u00edsm. f) Nariadenia GDPR opr\u00e1vnen\u00fd z\u00e1ujem \u2013 za \u00fa\u010delom reakcie na Vami dan\u00fd podnet<\/li>\n<li>Z tohoto d\u00f4vodu je z\u00e1kazn\u00edk povinn\u00fd vyplni\u0165 v\u0161etky po\u017eadovan\u00e9 \u00fadaje pri realizovan\u00ed objedn\u00e1vky.<\/li>\n<li>Pre ochranu z\u00e1kazn\u00edka je nevyhnutn\u00e9, aby pri odovzd\u00e1van\u00ed u\u017e zaplaten\u00e9ho tovaru umo\u017enil prev\u00e1dzkovate\u013eovi alebo sprostredkovate\u013eovi overenie jeho toto\u017enosti a zap\u00edsanie \u010d\u00edsla ob\u010dianskeho preukazu do dodacieho listu. Toto opatrenie m\u00e1 predch\u00e1dza\u0165 neopr\u00e1vnen\u00e9mu prevzatiu tovaru tre\u0165ou osobou, pokia\u013e z\u00e1kazn\u00edk za tento tovar u\u017e zaplatil. Pri platbe na dobierku sa overenie toto\u017enosti a z\u00e1pis \u010d\u00edsla OP nevy\u017eaduje.<\/li>\n<\/ul>\n<h4><u>6. Tretie strany, ktor\u00fdm bud\u00fa \u00fadaje poskytnut\u00e9<\/u><\/h4>\n<p>Osobn\u00e9 \u00fadaje neposkytujeme \u017eiadnym spolo\u010dnostiam spravuj\u00facim datab\u00e1zy osobn\u00fdch \u00fadajov, ani \u017eiadnym in\u00fdm tret\u00edm stran\u00e1m, okrem rozsahu uveden\u00e9ho v bode 2.<\/p>\n<h4><u>7. Zverejnenie \u00fadajov<\/u><\/h4>\n<p>Na\u0161a spolo\u010dnos\u0165 z\u00edskan\u00e9 \u00fadaje v \u017eiadnom pr\u00edpade nezverej\u0148uje.<\/p>\n<h4><u>8. Cezhrani\u010dn\u00fd prenos osobn\u00fdch \u00fadajov<\/u><\/h4>\n<p>Cezhrani\u010dn\u00fd prenos osobn\u00fdch \u00fadajov sa neuskuto\u010d\u0148uje.<\/p>\n<h4><u>9. Pr\u00e1va a povinnosti dotknutej osoby<\/u><\/h4>\n<ul>\n<li>Z\u00e1kazn\u00edk je povinn\u00fd uvies\u0165 iba \u00fapln\u00e9 a pravdiv\u00e9 \u00fadaje.<\/li>\n<li>Z\u00e1kazn\u00edk sa zav\u00e4zuje preuk\u00e1za\u0165 svoju identitu pri odovzd\u00e1van\u00ed zaplaten\u00e9ho tovaru a zap\u00edsa\u0165 \u010d\u00edslo ob\u010dianskeho preukazu do dodacieho listu (to neplat\u00ed pre z\u00e1sielky na dobierku).<\/li>\n<li>Z\u00e1kazn\u00edk sa zav\u00e4zuje, \u017ee v pr\u00edpade zmeny svoje \u00fadaje zaktualizuje a to najnesk\u00f4r pred zrealizovan\u00edm prvej objedn\u00e1vky nasleduj\u00facej po vzniku zmeny.<\/li>\n<li>Z\u00e1kazn\u00edk sa zav\u00e4zuje, \u017ee ak poskytne osobn\u00e9 \u00fadaje tretej osoby ako \u00fadaje pre doru\u010denie (meno, priezvisko, telef\u00f3nne \u010d\u00edslo), rob\u00ed tak iba s jej s\u00fahlasom a dotknut\u00e1 osoba je obozn\u00e1men\u00e1 s postupmi, pr\u00e1vami a povinnos\u0165ami, ktor\u00e9 s\u00fa uveden\u00e9 na tejto str\u00e1nke.<\/li>\n<li>Ako n\u00e1\u0161 klient a dotknut\u00e1 osoba m\u00e1te v stanovenom rozsahu pr\u00e1vo rozhodova\u0165 o nakladan\u00ed s Va\u0161imi osobn\u00fdmi \u00fadajmi. Uplatni\u0165 ni\u017e\u0161ie uveden\u00e9 pr\u00e1va si m\u00f4\u017eete:<br \/>\n&#8211; Osobne na ka\u017edom kontaktom mieste;- Prostredn\u00edctvom na\u0161ej z\u00e1kazn\u00edckej linky: +421 905 30 40 51;<br \/>\n&#8211; Prostredn\u00edctvom elektronickej po\u0161ty: info@stresnyboxds.sk;<br \/>\n&#8211; P\u00edsomne na adrese Prev\u00e1dzkovate\u013ea: P\u00f3dafa 302, 929 01 Povoda, SR, I\u010cO: 50722182<\/li>\n<\/ul>\n<p><strong>Budeme sa V\u00e1m sna\u017ei\u0165 odpoveda\u0165 \u010do najsk\u00f4r, v\u017edy V\u00e1m v\u0161ak odpovieme najnesk\u00f4r do 30 dn\u00ed od doru\u010denia Va\u0161ej \u017eiadosti. Platn\u00e9 pr\u00e1vne predpisy a Nariadenie GDPR, resp. Z\u00e1kon V\u00e1m zabezpe\u010duj\u00fa najm\u00e4:<\/strong><\/p>\n<p><strong>Pr\u00e1vo na pr\u00edstup<\/strong> \u2013 M\u00e1te pr\u00e1vo od n\u00e1s po\u017eadova\u0165 potvrdenie o tom, \u010di sa sprac\u00favaj\u00fa Va\u0161e osobn\u00e9 \u00fadaje, a pokia\u013e tomu tak je, z\u00edska\u0165 k\u00f3piu t\u00fdchto \u00fadajov a dodato\u010dn\u00e9 inform\u00e1cie vypl\u00fdvaj\u00face z \u010dl. 15 Nariadenia, resp. \u00a7 21 Z\u00e1kona. V pr\u00edpade, \u017ee o V\u00e1s z\u00edskavame ve\u013ek\u00e9 mno\u017estvo \u00fadajov, m\u00f4\u017eeme od V\u00e1s po\u017eadova\u0165, aby ste \u0161pecifikovali svoju po\u017eiadavku na okruh konkr\u00e9tnych \u00fadajov, ktor\u00e9 o V\u00e1s sprac\u00favame.<\/p>\n<p><strong>Pr\u00e1vo na opravu<\/strong> \u2013 K tomu, aby sme o V\u00e1s neust\u00e1le sprac\u00favali len aktu\u00e1lne osobn\u00e9 \u00fadaje potrebujeme, aby ste n\u00e1m ich zmenu ozn\u00e1mili \u010do najsk\u00f4r ako nastane. V pr\u00edpade, \u017ee o V\u00e1s sprac\u00favame nespr\u00e1vne \u00fadaje, m\u00e1te pr\u00e1vo po\u017eadova\u0165 ich opravu.<\/p>\n<p><strong>Pr\u00e1vo na v\u00fdmaz<\/strong> \u2013 Ak bud\u00fa naplnen\u00e9 podmienky \u010dl\u00e1nku 14 Nariadenia, resp. \u00a7 23 Z\u00e1kona, m\u00f4\u017eete po\u017eadova\u0165 v\u00fdmaz Va\u0161ich osobn\u00fdch \u00fadajov. O v\u00fdmaz preto m\u00f4\u017eete \u017eiada\u0165 napr\u00edklad ak ste odvolali V\u00e1\u0161 s\u00fahlas so sprac\u00favan\u00edm osobn\u00fdch \u00fadajov a neexistuje in\u00fd pr\u00e1vny z\u00e1klad sprac\u00favania, alebo v pr\u00edpade, \u017ee Va\u0161e osobn\u00e9 \u00fadaje sprac\u00favame nez\u00e1konne, alebo sa pominul \u00fa\u010del, na ktor\u00fd sme Va\u0161e osobn\u00e9 \u00fadaje sprac\u00favali a nesprac\u00favame ich za in\u00fdm kompatibiln\u00fdm \u00fa\u010delom. Va\u0161e \u00fadaje v\u0161ak nevyma\u017eeme ak s\u00fa potrebn\u00e9 na preukazovanie, uplat\u0148ovanie alebo obhajovanie pr\u00e1vnych n\u00e1rokov.<\/p>\n<p><strong>Pr\u00e1vo na obmedzenie sprac\u00favania<\/strong> \u2013 Ak bud\u00fa naplnen\u00e9 podmienky \u010dl\u00e1nku 18 Nariadenia, resp. \u00a7 24 Z\u00e1kona, m\u00f4\u017eete od n\u00e1s po\u017eadova\u0165, aby sme obmedzili sprac\u00favanie Va\u0161ich osobn\u00fdch \u00fadajov. O obmedzenie preto m\u00f4\u017eete \u017eiada\u0165 napr\u00edklad po\u010das toho, ako namietate spr\u00e1vnos\u0165 sprac\u00favan\u00fdch \u00fadajov alebo v pr\u00edpade, \u017ee je sprac\u00favanie nez\u00e1konn\u00e9 a Vy si ne\u017eel\u00e1te, aby sme \u00fadaje vymazali, ale potrebujete, aby ich sprac\u00favanie bolo obmedzen\u00e9 po\u010das toho ako si uplatn\u00edte Va\u0161e pr\u00e1va. Va\u0161e \u00fadaje na\u010falej sprac\u00favame ak existuj\u00fa d\u00f4vody na preukazovanie, uplat\u0148ovanie alebo obhajovanie pr\u00e1vnych n\u00e1rokov.<\/p>\n<p><strong>Pr\u00e1vo na prenosnos\u0165<\/strong> \u2013 Ak je sprac\u00favanie zalo\u017een\u00e9 na Va\u0161om s\u00fahlase alebo vykon\u00e1van\u00e9 za \u00fa\u010delom plnenia zmluvy uzatvorenej s Vami a z\u00e1rove\u0148 vykon\u00e1van\u00e9 automatizovan\u00fdmi prostriedkami, m\u00e1te pr\u00e1vo od n\u00e1s obdr\u017ea\u0165 Va\u0161e osobn\u00e9 \u00fadaje, ktor\u00e9 sme od V\u00e1s z\u00edskali v be\u017ene pou\u017e\u00edvanom strojovo \u010ditate\u013enom form\u00e1te. Ak o to budete ma\u0165 z\u00e1ujem a bude to technicky mo\u017en\u00e9, Va\u0161e osobn\u00e9 \u00fadaje prenesieme priamo k in\u00e9mu prev\u00e1dzkovate\u013eovi. Toto pr\u00e1vo nebude mo\u017en\u00e9 uplatni\u0165 na sprac\u00favanie vykon\u00e1van\u00e9 z d\u00f4vodu plnenia \u00falohy realizovanej vo verejnom z\u00e1ujme alebo pri v\u00fdkone verejnej moci.<\/p>\n<p><strong>Pr\u00e1vo namieta\u0165 vo\u010di sprac\u00favaniu<\/strong> \u2013 Ak sprac\u00favame Va\u0161e osobn\u00e9 \u00fadaje z d\u00f4vodu plnenia \u00falohy realizovanej vo verejnom z\u00e1ujme alebo pri v\u00fdkone verejnej moci n\u00e1m zverenej, alebo pokia\u013e je sprac\u00favanie vykon\u00e1van\u00e9 na z\u00e1klade na\u0161ich opr\u00e1vnen\u00fdch z\u00e1ujmov \u010di opr\u00e1vnen\u00fdch z\u00e1ujmov tretej strany, m\u00e1te pr\u00e1vo namieta\u0165 vo\u010di tak\u00e9muto sprac\u00favaniu. Na z\u00e1klade Va\u0161ej n\u00e1mietky sprac\u00favanie osobn\u00fdch \u00fadajov obmedz\u00edme a pokia\u013e nepreuk\u00e1\u017eeme z\u00e1va\u017en\u00e9 opr\u00e1vnen\u00e9 d\u00f4vody sprac\u00favania, ktor\u00e9 preva\u017euj\u00fa nad Va\u0161imi z\u00e1ujmami, pr\u00e1vami a slobodami alebo d\u00f4vody na preukazovanie, uplat\u0148ovanie alebo obhajovanie pr\u00e1vnych n\u00e1rokov, osobn\u00e9 \u00fadaje na\u010falej sprac\u00fava\u0165 nebudeme a Va\u0161e osobn\u00e9 \u00fadaje zma\u017eeme. M\u00e1te pr\u00e1vo kedyko\u013evek namieta\u0165 proti sprac\u00favaniu osobn\u00fdch \u00fadajov na \u00fa\u010dely priameho marketingu, vr\u00e1tane profilovania v rozsahu, v akom s\u00favis\u00ed s tak\u00fdmto priamym marketingom. Po vznesen\u00ed n\u00e1mietky Va\u0161e osobn\u00e9 \u00fadaje u\u017e na tento \u00fa\u010del sprac\u00fava\u0165 nebudeme.<\/p>\n<p><strong>Pr\u00e1vo poda\u0165 s\u0165a\u017enos\u0165<\/strong> \u2013 Ak sa domnievate, \u017ee sprac\u00favanie Va\u0161ich osobn\u00fdch \u00fadajov je v rozpore s Nariaden\u00edm, resp. Z\u00e1konom, m\u00e1te pr\u00e1vo poda\u0165 s\u0165a\u017enos\u0165 na jeden z pr\u00edslu\u0161n\u00fdch dozorn\u00fdch org\u00e1nov, najm\u00e4 v \u010dlenskom \u0161t\u00e1te V\u00e1\u0161ho obvykl\u00e9ho pobytu, miesta v\u00fdkonu pr\u00e1ce alebo v miesta \u00fadajn\u00e9ho poru\u0161enia. Pre \u00fazemie Slovenskej republiky je dozorn\u00fdm org\u00e1nom \u00darad pre ochranu osobn\u00fdch \u00fadajov, so s\u00eddlom: Hrani\u010dn\u00e1 4826\/12, 820 07 Bratislava, Slovensk\u00e1 republika, web: www.dataprotection.gov.sk, tel.: +421 \/2\/ 3231 3220.<\/p>\n<p><strong>Pr\u00e1vo odvola\u0165 s\u00fahlas<\/strong> \u2013 Ak je sprac\u00favanie Va\u0161ich osobn\u00fdch \u00fadajov zalo\u017een\u00e9 na s\u00fahlase, m\u00e1te pr\u00e1vo tento s\u00fahlas kedyko\u013evek odvola\u0165. Odvolanie s\u00fahlasu nem\u00e1 vplyv na u\u017e vykonan\u00e9 sprac\u00favanie. Ak sa kedyko\u013evek nesk\u00f4r rozhodnete, \u017ee m\u00e1te z\u00e1ujem op\u00e4tovne dost\u00e1va\u0165 od n\u00e1s obchodn\u00e9 a marketingov\u00e9 ponuky o na\u0161ich produktoch a slu\u017eb\u00e1ch, svoj odvolan\u00fd s\u00fahlas (respekt\u00edve podan\u00fa n\u00e1mietku) m\u00f4\u017eete kedyko\u013evek znovu udeli\u0165, a to ktorouko\u013evek vy\u0161\u0161ie uvedenou formou kontaktu.<\/p>\n<h4><u>10. Doba sprac\u00favania a uchov\u00e1vania Va\u0161ich osobn\u00fdch \u00fadajov<\/u><\/h4>\n<p>Va\u0161e osobn\u00e9 \u00fadaje sprac\u00favame a uchov\u00e1vame predov\u0161etk\u00fdm po dobu trvania zmluvn\u00e9ho vz\u0165ahu v zmysle \u010dl. 6 ods. 1 p\u00edsm. b) Nariadenia GDPR . V pr\u00edpadoch sprac\u00favania osobn\u00fdch \u00fadajov, ku ktor\u00e9mu bol udelen\u00fd s\u00fahlas, bud\u00fa Va\u0161e osobn\u00e9 \u00fadaje uchov\u00e1van\u00e9 po dobu 5 rokov, alebo do odvolania s\u00fahlasu.<\/p>\n<p>Va\u0161e osobn\u00e9 \u00fadaje, ktor\u00e9 s\u00fa nevyhnutn\u00e9 pre splnenie na\u0161ich povinnost\u00ed, ktor\u00e9 n\u00e1m vypl\u00fdvaj\u00fa zo v\u0161eobecne z\u00e1v\u00e4zn\u00fdch pr\u00e1vnych predpisov (napr. uchov\u00e1vanie jednotliv\u00fdch \u00fa\u010dtovn\u00fdch z\u00e1znamov v zmysle z\u00e1kona \u010d. 431\/2002 Z. z. o \u00fa\u010dtovn\u00edctve v znen\u00ed neskor\u0161\u00edch predpisov, pre pr\u00edpady preuk\u00e1zania splnenia si da\u0148ov\u00fdch povinnost\u00ed v zmysle da\u0148ov\u00fdch pr\u00e1vnych predpisov z\u00e1kon \u010d. 595\/2003 Z. z. o dani z pr\u00edjmov, z\u00e1kon \u010d. 563\/2009 Z. z. o spr\u00e1ve dan\u00ed a pod.), mus\u00edme uchov\u00e1va\u0165 po dobu stanoven\u00fa pr\u00edslu\u0161n\u00fdmi pr\u00e1vnymi predpismi. V ka\u017edom pr\u00edpade sa ale riadime z\u00e1sadou minimaliz\u00e1cie uchov\u00e1vania osobn\u00fdch \u00fadajov v zmysle \u010dl. 5 ods. 1 p\u00edsm. e) Nariadenia GDPR a preto bud\u00fa Va\u0161e osobn\u00e9 \u00fadaje, ktor\u00e9 nepodliehaj\u00fa archiv\u00e1cii pod\u013ea osobitn\u00fdch pr\u00e1vnych predpisov, vymazan\u00e9 alebo anonymizovan\u00e9.<\/p>\n<h4><u>11. Z\u00e1sady pou\u017e\u00edvania s\u00faborov cookies<\/u><\/h4>\n<p>V s\u00falade s \u00a755 ods.5 Z\u00e1kona NRSR \u010d. 351\/2011 Z.z. o elektronick\u00fdch komunik\u00e1ci\u00e1ch v znen\u00ed neskor\u0161\u00edch predpisov si v\u00e1s dovo\u013eujeme informova\u0165 o pou\u017e\u00edvan\u00ed cookies a upriami\u0165 va\u0161u pozornos\u0165 na mo\u017enos\u0165 zmeny nastavenia svojho internetov\u00e9ho prehliada\u010da pre pr\u00edpad, \u017ee v\u00e1m aktu\u00e1lne nastavenie vyu\u017e\u00edvania cookies nevyhovuje.<\/p>\n<p><strong>\u010co s\u00fa cookies?<\/strong><\/p>\n<p>S\u00fabory cookies s\u00fa mal\u00e9 textov\u00e9 s\u00fabory, ktor\u00e9 m\u00f4\u017eu by\u0165 do internetov\u00e9ho prehliada\u010da odosielan\u00e9 pri n\u00e1v\u0161teve webov\u00fdch str\u00e1nok a ukladan\u00e9 do v\u00e1\u0161ho zariadenia (po\u010d\u00edta\u010da alebo do in\u00e9ho zariadenia s pr\u00edstupom na internet, ako napr. smartphone alebo tablet). S\u00fabory cookies sa ukladaj\u00fa do prie\u010dinka pre s\u00fabory v\u00e1\u0161ho internetov\u00e9ho prehliada\u010da. Cookies obvykle obsahuj\u00fa n\u00e1zov webovej str\u00e1nky, z ktorej poch\u00e1dzaj\u00fa a d\u00e1tum svojho vzniku. Pri \u010fal\u0161ej n\u00e1v\u0161teve str\u00e1nky webov\u00fd prehliada\u010d znovu na\u010d\u00edta s\u00fabory cookies a tieto inform\u00e1cie odo\u0161le sp\u00e4\u0165 webovej str\u00e1nke, ktor\u00e1 p\u00f4vodne cookies vytvorila. S\u00fabory cookies, ktor\u00e9 pou\u017e\u00edvame, nepo\u0161kodzuj\u00fa v\u00e1\u0161 po\u010d\u00edta\u010d.<\/p>\n<p><strong>Pou\u017e\u00edvanie cookies<\/strong><\/p>\n<p>Pou\u017e\u00edvan\u00edm str\u00e1nok prev\u00e1dzkovan\u00fdch PneuNet s.r.o. vyjadrujete s\u00fahlas s pou\u017eit\u00edm cookies v s\u00falade s nastaven\u00edm v\u00e1\u0161ho internetov\u00e9ho prehliada\u010da. Ak nav\u0161t\u00edvite na\u0161e webov\u00e9 str\u00e1nky, v prehliada\u010di m\u00e1te povolen\u00e9 prij\u00edmanie s\u00faborov cookies, nevykon\u00e1te zmenu nastaven\u00ed v\u00e1\u0161ho internetov\u00e9ho prehliada\u010da a pokra\u010dujete v n\u00e1v\u0161teve na\u0161ich web str\u00e1nok pova\u017eujeme to za prijatie na\u0161ich podmienok pou\u017e\u00edvania s\u00faborov cookies.<\/p>\n<p><strong>Pre\u010do pou\u017e\u00edvame cookies?<\/strong><\/p>\n<p>Cookies pou\u017e\u00edvame s cie\u013eom optim\u00e1lne vytv\u00e1ra\u0165 a neust\u00e1le skvalit\u0148ova\u0165 na\u0161e slu\u017eby, prisp\u00f4sobi\u0165 ich va\u0161im z\u00e1ujmom a potreb\u00e1m a zlep\u0161ova\u0165 ich \u0161trukt\u00faru a obsah ako aj na vytv\u00e1ranie zauj\u00edmav\u00fdch pon\u00fak pre V\u00e1s PneuNet s.r.o. nepou\u017e\u00edva \u00fadaje z\u00edskan\u00e9 pou\u017e\u00edvan\u00edm cookies ako kontaktn\u00e9 \u00fadaje na kontaktovanie V\u00e1s prostredn\u00edctvom po\u0161ty, elektronickej po\u0161ty alebo telef\u00f3nu.<\/p>\n<p><strong>Ako m\u00f4\u017eete nastavenia cookies zmeni\u0165?<\/strong><\/p>\n<p>V\u00e4\u010d\u0161ina internetov\u00fdch prehliada\u010dov je p\u00f4vodne nastaven\u00e1 na automatick\u00e9 akceptovanie cookies. Toto nastavenie m\u00f4\u017eete zmeni\u0165 zablokovan\u00edm cookies alebo upozornen\u00edm v pr\u00edpade, \u017ee sa maj\u00fa cookies posla\u0165 do v\u00e1\u0161ho zariadenia. In\u0161trukcie na zmenu cookies n\u00e1jdete vo vo\u013ebe \u201e pomoc\u201c ka\u017ed\u00e9ho prehliada\u010da. Ak pou\u017e\u00edvate rozli\u010dn\u00e9 zariadenia na pr\u00edstup k str\u00e1nkam (napr. po\u010d\u00edta\u010d, smartphone, tablet), odpor\u00fa\u010dame ka\u017ed\u00fd prehliada\u010d na ka\u017edom zariaden\u00ed prisp\u00f4sobi\u0165 va\u0161im preferenci\u00e1m cookies.<\/p>\n<p>Konkr\u00e9tny postup pre najpou\u017e\u00edvanej\u0161ie webov\u00e9 prehliada\u010de n\u00e1jdete tu:<\/p>\n<p><a href=\"https:\/\/support.google.com\/accounts\/answer\/61416?hl=sk\" target=\"_blank\" rel=\"noopener noreferrer\"><strong>Chrome<\/strong><\/a><br \/>\n<a href=\"https:\/\/support.apple.com\/kb\/ph21411?locale=sk_SK\" target=\"_blank\" rel=\"noopener noreferrer\"><strong>Safari<\/strong><\/a><br \/>\n<a href=\"https:\/\/support.microsoft.com\/sk-sk\/help\/17442\/windows-internet-explorer-delete-manage-cookies\" target=\"_blank\" rel=\"noopener noreferrer\"><strong>Internet Explorer<\/strong><\/a><br \/>\n<a href=\"https:\/\/support.google.com\/chrome\/answer\/95647?co=GENIE.Platform%3DAndroid&amp;hl=sk\" target=\"_blank\" rel=\"noopener noreferrer\"><strong>Firefox<\/strong><\/a><br \/>\n<a href=\"https:\/\/support.google.com\/chrome\/answer\/95647?co=GENIE.Platform%3DAndroid&amp;hl=sk\" target=\"_blank\" rel=\"noopener noreferrer\"><strong>Android<\/strong><\/a><\/p>\n<p>Pre\u010do si ponecha\u0165 nastavenie cookies?<br \/>\nPou\u017e\u00edvanie cookies a ich povolenie vo webovom prehliada\u010di je na va\u0161om rozhodnut\u00ed. V pr\u00edpade zmeny ich nastavenia v\u0161ak m\u00f4\u017eu ma\u0165 niektor\u00e9 na\u0161e webov\u00e9 str\u00e1nky obmedzen\u00fa funk\u010dnos\u0165 a zn\u00ed\u017een\u00fd u\u017e\u00edvate\u013esk\u00fd komfort.[\/vc_column_text][\/vc_column][\/vc_row]<\/p>\n","protected":false},"excerpt":{"rendered":"<p>[vc_row][vc_column][vc_column_text] Mit k\u00edn\u00e1lunk? Min\u0151s\u00e9gi kieg\u00e9sz\u00edt\u0151k b\u00e9rl\u00e9se poggy\u00e1szsz\u00e1ll\u00edt\u00e1shoz \u00e9s sportfelszerel\u00e9sekhez (s\u00edl\u00e9cek, snowboardok stb.) Thule vagy Yakima Tet\u0151csomagtart\u00f3k k\u00f6lcs\u00f6nz\u00e9se kiv\u00e1lasztott j\u00e1rm\u0171modellekhez &#8211; minden t\u00edpus\u00fa aut\u00f3hoz, amelyeken van tet\u0151s\u00edn. K\u00f6lcs\u00f6nz\u00e9s szab\u00e1lyai A kieg\u00e9sz\u00edt\u0151k b\u00e9rl\u00e9s\u00e9nek alapperi\u00f3dusa 3 nap (vagy megegyez\u00e9s szerint), h\u00e9tv\u00e9g\u00e9re vagy egy eg\u00e9sz h\u00e9tre vagy m\u00e9g tov\u00e1bb Hosszabb t\u00e1vra b\u00e9relve kedvezm\u00e9nyes a napi b\u00e9rleti d\u00edj, valamint t\u00f6bb [&hellip;]<\/p>\n","protected":false},"author":1,"featured_media":0,"parent":0,"menu_order":0,"comment_status":"closed","ping_status":"closed","template":"","meta":[],"yoast_head":"<!-- This site is optimized with the Yoast SEO plugin v20.3 - https:\/\/yoast.com\/wordpress\/plugins\/seo\/ -->\n<title>\u00c1ltal\u00e1nos szerz\u0151d\u00e9si felt\u00e9telek - StresnyboxDS.sk<\/title>\n<meta name=\"robots\" content=\"index, follow, max-snippet:-1, max-image-preview:large, max-video-preview:-1\" \/>\n<link rel=\"canonical\" href=\"https:\/\/www.stresnyboxds.sk\/hu\/altalanos-szerzodesi-feltetelek\/\" \/>\n<meta property=\"og:locale\" content=\"hu_HU\" \/>\n<meta property=\"og:type\" content=\"article\" \/>\n<meta property=\"og:title\" content=\"\u00c1ltal\u00e1nos szerz\u0151d\u00e9si felt\u00e9telek - StresnyboxDS.sk\" \/>\n<meta property=\"og:description\" content=\"[vc_row][vc_column][vc_column_text] Mit k\u00edn\u00e1lunk? Min\u0151s\u00e9gi kieg\u00e9sz\u00edt\u0151k b\u00e9rl\u00e9se poggy\u00e1szsz\u00e1ll\u00edt\u00e1shoz \u00e9s sportfelszerel\u00e9sekhez (s\u00edl\u00e9cek, snowboardok stb.) Thule vagy Yakima Tet\u0151csomagtart\u00f3k k\u00f6lcs\u00f6nz\u00e9se kiv\u00e1lasztott j\u00e1rm\u0171modellekhez &#8211; minden t\u00edpus\u00fa aut\u00f3hoz, amelyeken van tet\u0151s\u00edn. K\u00f6lcs\u00f6nz\u00e9s szab\u00e1lyai A kieg\u00e9sz\u00edt\u0151k b\u00e9rl\u00e9s\u00e9nek alapperi\u00f3dusa 3 nap (vagy megegyez\u00e9s szerint), h\u00e9tv\u00e9g\u00e9re vagy egy eg\u00e9sz h\u00e9tre vagy m\u00e9g tov\u00e1bb Hosszabb t\u00e1vra b\u00e9relve kedvezm\u00e9nyes a napi b\u00e9rleti d\u00edj, valamint t\u00f6bb [&hellip;]\" \/>\n<meta property=\"og:url\" content=\"https:\/\/www.stresnyboxds.sk\/hu\/altalanos-szerzodesi-feltetelek\/\" \/>\n<meta property=\"og:site_name\" content=\"StresnyboxDS.sk\" \/>\n<meta property=\"article:modified_time\" content=\"2024-01-25T15:16:25+00:00\" \/>\n<meta name=\"twitter:card\" content=\"summary_large_image\" \/>\n<meta name=\"twitter:label1\" content=\"Becs\u00fclt olvas\u00e1si id\u0151\" \/>\n\t<meta name=\"twitter:data1\" content=\"14 perc\" \/>\n<script type=\"application\/ld+json\" class=\"yoast-schema-graph\">{\"@context\":\"https:\/\/schema.org\",\"@graph\":[{\"@type\":\"WebPage\",\"@id\":\"https:\/\/www.stresnyboxds.sk\/hu\/altalanos-szerzodesi-feltetelek\/\",\"url\":\"https:\/\/www.stresnyboxds.sk\/hu\/altalanos-szerzodesi-feltetelek\/\",\"name\":\"\u00c1ltal\u00e1nos szerz\u0151d\u00e9si felt\u00e9telek - StresnyboxDS.sk\",\"isPartOf\":{\"@id\":\"https:\/\/www.stresnyboxds.sk\/hu\/#website\"},\"datePublished\":\"2022-12-16T11:16:14+00:00\",\"dateModified\":\"2024-01-25T15:16:25+00:00\",\"breadcrumb\":{\"@id\":\"https:\/\/www.stresnyboxds.sk\/hu\/altalanos-szerzodesi-feltetelek\/#breadcrumb\"},\"inLanguage\":\"hu\",\"potentialAction\":[{\"@type\":\"ReadAction\",\"target\":[\"https:\/\/www.stresnyboxds.sk\/hu\/altalanos-szerzodesi-feltetelek\/\"]}]},{\"@type\":\"BreadcrumbList\",\"@id\":\"https:\/\/www.stresnyboxds.sk\/hu\/altalanos-szerzodesi-feltetelek\/#breadcrumb\",\"itemListElement\":[{\"@type\":\"ListItem\",\"position\":1,\"name\":\"\u00davod\",\"item\":\"https:\/\/www.stresnyboxds.sk\/hu\/\"},{\"@type\":\"ListItem\",\"position\":2,\"name\":\"\u00c1ltal\u00e1nos szerz\u0151d\u00e9si felt\u00e9telek\"}]},{\"@type\":\"WebSite\",\"@id\":\"https:\/\/www.stresnyboxds.sk\/hu\/#website\",\"url\":\"https:\/\/www.stresnyboxds.sk\/hu\/\",\"name\":\"StresnyboxDS.sk\",\"description\":\"\",\"potentialAction\":[{\"@type\":\"SearchAction\",\"target\":{\"@type\":\"EntryPoint\",\"urlTemplate\":\"https:\/\/www.stresnyboxds.sk\/hu\/?s={search_term_string}\"},\"query-input\":\"required name=search_term_string\"}],\"inLanguage\":\"hu\"}]}<\/script>\n<!-- \/ Yoast SEO plugin. -->","yoast_head_json":{"title":"\u00c1ltal\u00e1nos szerz\u0151d\u00e9si felt\u00e9telek - StresnyboxDS.sk","robots":{"index":"index","follow":"follow","max-snippet":"max-snippet:-1","max-image-preview":"max-image-preview:large","max-video-preview":"max-video-preview:-1"},"canonical":"https:\/\/www.stresnyboxds.sk\/hu\/altalanos-szerzodesi-feltetelek\/","og_locale":"hu_HU","og_type":"article","og_title":"\u00c1ltal\u00e1nos szerz\u0151d\u00e9si felt\u00e9telek - StresnyboxDS.sk","og_description":"[vc_row][vc_column][vc_column_text] Mit k\u00edn\u00e1lunk? Min\u0151s\u00e9gi kieg\u00e9sz\u00edt\u0151k b\u00e9rl\u00e9se poggy\u00e1szsz\u00e1ll\u00edt\u00e1shoz \u00e9s sportfelszerel\u00e9sekhez (s\u00edl\u00e9cek, snowboardok stb.) Thule vagy Yakima Tet\u0151csomagtart\u00f3k k\u00f6lcs\u00f6nz\u00e9se kiv\u00e1lasztott j\u00e1rm\u0171modellekhez &#8211; minden t\u00edpus\u00fa aut\u00f3hoz, amelyeken van tet\u0151s\u00edn. K\u00f6lcs\u00f6nz\u00e9s szab\u00e1lyai A kieg\u00e9sz\u00edt\u0151k b\u00e9rl\u00e9s\u00e9nek alapperi\u00f3dusa 3 nap (vagy megegyez\u00e9s szerint), h\u00e9tv\u00e9g\u00e9re vagy egy eg\u00e9sz h\u00e9tre vagy m\u00e9g tov\u00e1bb Hosszabb t\u00e1vra b\u00e9relve kedvezm\u00e9nyes a napi b\u00e9rleti d\u00edj, valamint t\u00f6bb [&hellip;]","og_url":"https:\/\/www.stresnyboxds.sk\/hu\/altalanos-szerzodesi-feltetelek\/","og_site_name":"StresnyboxDS.sk","article_modified_time":"2024-01-25T15:16:25+00:00","twitter_card":"summary_large_image","twitter_misc":{"Becs\u00fclt olvas\u00e1si id\u0151":"14 perc"},"schema":{"@context":"https:\/\/schema.org","@graph":[{"@type":"WebPage","@id":"https:\/\/www.stresnyboxds.sk\/hu\/altalanos-szerzodesi-feltetelek\/","url":"https:\/\/www.stresnyboxds.sk\/hu\/altalanos-szerzodesi-feltetelek\/","name":"\u00c1ltal\u00e1nos szerz\u0151d\u00e9si felt\u00e9telek - StresnyboxDS.sk","isPartOf":{"@id":"https:\/\/www.stresnyboxds.sk\/hu\/#website"},"datePublished":"2022-12-16T11:16:14+00:00","dateModified":"2024-01-25T15:16:25+00:00","breadcrumb":{"@id":"https:\/\/www.stresnyboxds.sk\/hu\/altalanos-szerzodesi-feltetelek\/#breadcrumb"},"inLanguage":"hu","potentialAction":[{"@type":"ReadAction","target":["https:\/\/www.stresnyboxds.sk\/hu\/altalanos-szerzodesi-feltetelek\/"]}]},{"@type":"BreadcrumbList","@id":"https:\/\/www.stresnyboxds.sk\/hu\/altalanos-szerzodesi-feltetelek\/#breadcrumb","itemListElement":[{"@type":"ListItem","position":1,"name":"\u00davod","item":"https:\/\/www.stresnyboxds.sk\/hu\/"},{"@type":"ListItem","position":2,"name":"\u00c1ltal\u00e1nos szerz\u0151d\u00e9si felt\u00e9telek"}]},{"@type":"WebSite","@id":"https:\/\/www.stresnyboxds.sk\/hu\/#website","url":"https:\/\/www.stresnyboxds.sk\/hu\/","name":"StresnyboxDS.sk","description":"","potentialAction":[{"@type":"SearchAction","target":{"@type":"EntryPoint","urlTemplate":"https:\/\/www.stresnyboxds.sk\/hu\/?s={search_term_string}"},"query-input":"required name=search_term_string"}],"inLanguage":"hu"}]}},"_links":{"self":[{"href":"https:\/\/www.stresnyboxds.sk\/hu\/wp-json\/wp\/v2\/pages\/1659"}],"collection":[{"href":"https:\/\/www.stresnyboxds.sk\/hu\/wp-json\/wp\/v2\/pages"}],"about":[{"href":"https:\/\/www.stresnyboxds.sk\/hu\/wp-json\/wp\/v2\/types\/page"}],"author":[{"embeddable":true,"href":"https:\/\/www.stresnyboxds.sk\/hu\/wp-json\/wp\/v2\/users\/1"}],"replies":[{"embeddable":true,"href":"https:\/\/www.stresnyboxds.sk\/hu\/wp-json\/wp\/v2\/comments?post=1659"}],"version-history":[{"count":6,"href":"https:\/\/www.stresnyboxds.sk\/hu\/wp-json\/wp\/v2\/pages\/1659\/revisions"}],"predecessor-version":[{"id":1877,"href":"https:\/\/www.stresnyboxds.sk\/hu\/wp-json\/wp\/v2\/pages\/1659\/revisions\/1877"}],"wp:attachment":[{"href":"https:\/\/www.stresnyboxds.sk\/hu\/wp-json\/wp\/v2\/media?parent=1659"}],"curies":[{"name":"wp","href":"https:\/\/api.w.org\/{rel}","templated":true}]}}